{"id":1718,"date":"2022-10-04T10:47:56","date_gmt":"2022-10-04T08:47:56","guid":{"rendered":"https:\/\/jardinescostaflorecida.com\/?page_id=1718"},"modified":"2022-10-04T10:47:56","modified_gmt":"2022-10-04T08:47:56","slug":"poda-palmeras-mallorca","status":"publish","type":"page","link":"https:\/\/jardinescostaflorecida.com\/de\/beschneiden-von-palmen-auf-mallorca\/","title":{"rendered":"Beschneiden von Palmen auf Mallorca"},"content":{"rendered":"<h1 style=\"text-align: left;\">Palmenschnitt-Service auf Mallorca<\/h1>\n<p style=\"text-align: left;\">Palmenschnitt-Service auf Mallorca, Profis im Palmenschnitt<\/p>\n<h2><strong>Ist es notwendig, Palmen zu beschneiden?<\/strong><\/h2>\n<p>Im Allgemeinen neigen Palmen dazu, ihre Bl\u00e4tter st\u00e4ndig zu wechseln, sodass trockene Bl\u00e4tter meist von selbst abfallen. Diese bleiben jedoch oft am Stamm verankert und verhindern so, dass die neuen Pflanzen richtig bl\u00fchen. Obwohl dies f\u00fcr die Pflanze normalerweise kein Problem darstellt, kann sie in jedem Garten unansehnlich aussehen, sodass ein R\u00fcckschnitt erforderlich ist.<\/p>\n<p>Auch wenn man bedenkt, dass trockene, am Stamm h\u00e4ngende Palmen nicht gut aussehen, hat das auch physikalische Gr\u00fcnde. Einer davon ist, dass sie der Pflanze Eigengewicht hinzuf\u00fcgen, sodass Sie dieses durch Beschneiden beseitigen k\u00f6nnen. Ein weiterer Grund besteht darin, dass sie Insekten und Nagetiere anlocken kann, so dass das Schneiden dieser trockenen Palmen einem m\u00f6glichen Befall vorbeugen kann.<\/p>\n<h2><strong>Wann sollten Palmen beschnitten werden?<\/strong><\/h2>\n<p>Das Beschneiden von Palmen wird fast immer verschoben, weil man nicht wei\u00df, wann der beste Zeitpunkt daf\u00fcr ist. Zusammenfassend l\u00e4sst sich sagen, dass dieses Verfahren haupts\u00e4chlich in der vegetativen Phase durchgef\u00fchrt werden sollte, also in der Fr\u00fchlings-, Sommer- und Herbstsaison. Dies liegt daran, dass sie normalerweise zu diesem Zeitpunkt ihre Bl\u00e4tter wechseln und h\u00e4ngen. Dies ist der beste Zeitpunkt, sie zu beschneiden.<\/p>\n<p>Andererseits muss ber\u00fccksichtigt werden, dass Palmen niemals im Winter beschnitten werden sollten. Vor allem, weil sie in dieser Jahreszeit diese trockenen Bl\u00e4tter brauchen, um ihre W\u00e4rme aufrechtzuerhalten. Da Palmen Pflanzen aus warmen Klimazonen sind, sch\u00fctzen sie sich auf diese Weise normalerweise vor der K\u00e4lte.<\/p>\n<h2><strong>Welche Ausr\u00fcstung ist zum Beschneiden von Palmen erforderlich?<\/strong><\/h2>\n<p>Bei kleineren Gartenpalmen ist der R\u00fcckschnitt mit einfachen Werkzeugen in der Regel kein Problem. Wenn sie jedoch an H\u00f6he gewinnen, ist ein professionelleres und spezialisierteres Team erforderlich. Einige der h\u00e4ufigsten und f\u00fcr diesen Prozess notwendigen Schritte sind die folgenden:<\/p>\n<ul>\n<li><strong>Corvellote: <\/strong>Es handelt sich um ein handgefertigtes Werkzeug, das speziell zum Beschneiden von Palmen entwickelt wurde und normalerweise eines der Hauptwerkzeuge daf\u00fcr ist. Aufgrund seiner Form l\u00e4sst sich die Klingenbasis sehr leicht schneiden, so dass mehrere davon in einem Durchgang entfernt werden k\u00f6nnen.<\/li>\n<li><strong>Kettens\u00e4ge:<\/strong> Es handelt sich um ein ziemlich leistungsstarkes Werkzeug, das mit geringem Kraftaufwand alle Arten von Material schneiden kann. Mit ihm lassen sich B\u00e4ume und nat\u00fcrlich auch Palmen schnell und pr\u00e4zise beschneiden. Es wird normalerweise verwendet, um die schwersten Palmen zu schneiden, die am Stamm der Pflanze haften.<\/li>\n<li><strong>Axt:<\/strong> Es handelt sich um ein manuelles Ger\u00e4t, das normalerweise zum Schneiden der Bl\u00e4tter und der Basis des Blattstiels verwendet wird. Dank seines verl\u00e4ngerten Griffs eignet er sich auch zum Beschneiden der am weitesten entfernten Palmen. Es ist meist recht praktisch und wird in Verbindung mit der Kettens\u00e4ge verwendet, um die Pflanze gut beschnitten zu lassen.<\/li>\n<\/ul>\n<p><strong>Kletterausr\u00fcstung:<\/strong> Diese sind sehr wichtig, insbesondere wenn hohe Palmen beschnitten werden m\u00fcssen. Dies kann normalerweise auf zwei Arten erfolgen: Die erste besteht darin, Reifen auszur\u00fcsten, mit denen der Rumpf bis zu den Handfl\u00e4chen hochgeklettert werden kann. Der alternative und einfachste Weg sind Fahrzeuge mit automatischen Hebeb\u00fchnen.<\/p>\n<h2><strong>Wie organisiert man einen Palmenschnittplan richtig?<\/strong><\/h2>\n<p>Manchmal ist ein Arbeitsplan erforderlich, um bestimmte Palmenarten beschneiden zu k\u00f6nnen. Auch wenn nicht alle davon beschnitten werden m\u00fcssen, gibt es doch einige, die sich in gro\u00dfen H\u00f6hen befinden und die in der Regel verschoben werden, weil sie eine gr\u00f6\u00dfere Gr\u00fcndlichkeit erfordern. F\u00fcr diese F\u00e4lle m\u00fcssen die vorgeschriebene Sicherheitsausr\u00fcstung und qualifiziertes Personal mitgef\u00fchrt werden, das allen Eventualit\u00e4ten gewachsen ist. Auf diese Weise k\u00f6nnen Sie einen effektiven Schnitt gew\u00e4hrleisten, der am Ende ein gutes \u00e4sthetisches Erscheinungsbild gew\u00e4hrleistet.<\/p>\n<p>Au\u00dferdem muss ber\u00fccksichtigt werden, dass sich die Rinde von Palmen in der Regel nicht regeneriert, sodass sorgf\u00e4ltig vorgegangen werden muss. Diese Art von Aktivit\u00e4t muss mit mindestens zwei Personen durchgef\u00fchrt werden, um einen guten Service zu gew\u00e4hrleisten. Dar\u00fcber hinaus ist es in bestimmten F\u00e4llen erforderlich, die Pflanze auf m\u00f6gliche Sch\u00e4dlinge oder Sch\u00e4den zu untersuchen.<\/p>\n<h2><strong>Warum ist das Beschneiden von Palmen so wichtig?<\/strong><\/h2>\n<p>Es muss betont werden, wie wichtig es ist, Palmen gut zu pflegen und zu beschneiden. Auch wenn diese Aufgabe nicht st\u00e4ndig erledigt werden sollte, hilft sie dabei, Sch\u00e4dlinge unter Kontrolle zu halten und Pflanzenkrankheiten vorzubeugen. Dar\u00fcber hinaus macht es das \u00e4sthetische Finish optisch angenehmer, da trockenes und abgefallenes Laub meist ein unansehnlicher Faktor ist.<\/p>\n<p>Als ob das nicht genug w\u00e4re, regt dieser Prozess auch dazu an, die Pflanze gr\u00fcndlich auf Pilzbefall oder Sch\u00e4den an der Rinde zu untersuchen. Auf diese Weise kann eine effektive Bewertung vorgenommen werden, um die Palme gesund und frei von Problemen zu halten.<\/p>\n<div id=\"gtx-trans\" style=\"position: absolute; left: 31px; top: 3.76562px;\">\n<div class=\"gtx-trans-icon\"><\/div>\n<\/div>","protected":false},"excerpt":{"rendered":"<p>Servicio de Poda de Palmeras en Mallorca Servicio de poda de palmeras en Mallorca, profesionales en poda de palmeras \u00bfEs necesario realizar la poda de palmeras? Por lo general, las palmeras suelen cambiar de hojas constantemente, as\u00ed que aquellas que est\u00e1n secas suelen caerse por s\u00ed solas. Sin embargo, muchas veces estas quedan ancladas al [&hellip;]<\/p>\n","protected":false},"author":10,"featured_media":1720,"parent":0,"menu_order":0,"comment_status":"closed","ping_status":"closed","template":"","meta":{"_joinchat":[],"footnotes":""},"class_list":["post-1718","page","type-page","status-publish","has-post-thumbnail","hentry"],"yoast_head":"<!-- This site is optimized with the Yoast SEO plugin v25.6 - https:\/\/yoast.com\/wordpress\/plugins\/seo\/ -->\n<title>Servicio de Poda de Palmeras en Mallorca - Jardines Costa Florecida<\/title>\n<meta name=\"description\" content=\"Servicio de poda de palmeras en Mallorca, Jardines Costa Florecida te ofrece un servicio de poda de palmeras con m\u00e1s de 20 a\u00f1os de experiencia.\" \/>\n<meta name=\"robots\" content=\"index, follow, max-snippet:-1, max-image-preview:large, max-video-preview:-1\" \/>\n<link rel=\"canonical\" href=\"https:\/\/jardinescostaflorecida.com\/de\/beschneiden-von-palmen-auf-mallorca\/\" \/>\n<meta property=\"og:locale\" content=\"de_DE\" \/>\n<meta property=\"og:type\" content=\"article\" \/>\n<meta property=\"og:title\" content=\"Servicio de Poda de Palmeras en Mallorca - Jardines Costa Florecida\" \/>\n<meta property=\"og:description\" content=\"Servicio de poda de palmeras en Mallorca, Jardines Costa Florecida te ofrece un servicio de poda de palmeras con m\u00e1s de 20 a\u00f1os de experiencia.\" \/>\n<meta property=\"og:url\" content=\"https:\/\/jardinescostaflorecida.com\/de\/beschneiden-von-palmen-auf-mallorca\/\" \/>\n<meta property=\"og:site_name\" content=\"Jardines Costa Florecida, empresa de jardiner\u00eda en Mallorca. Jardineros en Mallorca para el dise\u00f1o y mantenimiento de jardines, desbroces de fincas, podas y talas de palmeras, etc. en Mallorca.\" \/>\n<meta property=\"og:image\" content=\"https:\/\/jardinescostaflorecida.com\/wp-content\/uploads\/2022\/10\/poda-palmeras-mallorca.jpg\" \/>\n\t<meta property=\"og:image:width\" content=\"845\" \/>\n\t<meta property=\"og:image:height\" content=\"684\" \/>\n\t<meta property=\"og:image:type\" content=\"image\/jpeg\" \/>\n<meta name=\"twitter:card\" content=\"summary_large_image\" \/>\n<meta name=\"twitter:label1\" content=\"Est. reading time\" \/>\n\t<meta name=\"twitter:data1\" content=\"4 minutes\" \/>\n<script type=\"application\/ld+json\" class=\"yoast-schema-graph\">{\"@context\":\"https:\/\/schema.org\",\"@graph\":[{\"@type\":\"WebPage\",\"@id\":\"https:\/\/jardinescostaflorecida.com\/poda-palmeras-mallorca\/\",\"url\":\"https:\/\/jardinescostaflorecida.com\/poda-palmeras-mallorca\/\",\"name\":\"Servicio de Poda de Palmeras en Mallorca - Jardines Costa Florecida\",\"isPartOf\":{\"@id\":\"https:\/\/jardinescostaflorecida.com\/#website\"},\"primaryImageOfPage\":{\"@id\":\"https:\/\/jardinescostaflorecida.com\/poda-palmeras-mallorca\/#primaryimage\"},\"image\":{\"@id\":\"https:\/\/jardinescostaflorecida.com\/poda-palmeras-mallorca\/#primaryimage\"},\"thumbnailUrl\":\"https:\/\/jardinescostaflorecida.com\/wp-content\/uploads\/2022\/10\/poda-palmeras-mallorca.jpg\",\"datePublished\":\"2022-10-04T08:47:56+00:00\",\"description\":\"Servicio de poda de palmeras en Mallorca, Jardines Costa Florecida te ofrece un servicio de poda de palmeras con m\u00e1s de 20 a\u00f1os de experiencia.\",\"breadcrumb\":{\"@id\":\"https:\/\/jardinescostaflorecida.com\/poda-palmeras-mallorca\/#breadcrumb\"},\"inLanguage\":\"de-DE\",\"potentialAction\":[{\"@type\":\"ReadAction\",\"target\":[\"https:\/\/jardinescostaflorecida.com\/poda-palmeras-mallorca\/\"]}]},{\"@type\":\"ImageObject\",\"inLanguage\":\"de-DE\",\"@id\":\"https:\/\/jardinescostaflorecida.com\/poda-palmeras-mallorca\/#primaryimage\",\"url\":\"https:\/\/jardinescostaflorecida.com\/wp-content\/uploads\/2022\/10\/poda-palmeras-mallorca.jpg\",\"contentUrl\":\"https:\/\/jardinescostaflorecida.com\/wp-content\/uploads\/2022\/10\/poda-palmeras-mallorca.jpg\",\"width\":845,\"height\":684,\"caption\":\"poda palmeras mallorca\"},{\"@type\":\"BreadcrumbList\",\"@id\":\"https:\/\/jardinescostaflorecida.com\/poda-palmeras-mallorca\/#breadcrumb\",\"itemListElement\":[{\"@type\":\"ListItem\",\"position\":1,\"name\":\"Portada\",\"item\":\"https:\/\/jardinescostaflorecida.com\/inicio\/\"},{\"@type\":\"ListItem\",\"position\":2,\"name\":\"Poda de Palmeras en Mallorca\"}]},{\"@type\":\"WebSite\",\"@id\":\"https:\/\/jardinescostaflorecida.com\/#website\",\"url\":\"https:\/\/jardinescostaflorecida.com\/\",\"name\":\"Jardines Costa Florecida, empresa de jardiner\u00eda en Mallorca. Jardineros en Mallorca para el dise\u00f1o y mantenimiento de jardines, desbroces de fincas, podas y talas de palmeras, etc. en Mallorca.\",\"description\":\"Jardines Costa Florecida - Empresa de jardiner\u00eda en Mallorca\",\"publisher\":{\"@id\":\"https:\/\/jardinescostaflorecida.com\/#organization\"},\"potentialAction\":[{\"@type\":\"SearchAction\",\"target\":{\"@type\":\"EntryPoint\",\"urlTemplate\":\"https:\/\/jardinescostaflorecida.com\/?s={search_term_string}\"},\"query-input\":{\"@type\":\"PropertyValueSpecification\",\"valueRequired\":true,\"valueName\":\"search_term_string\"}}],\"inLanguage\":\"de-DE\"},{\"@type\":\"Organization\",\"@id\":\"https:\/\/jardinescostaflorecida.com\/#organization\",\"name\":\"Jardines Costa Florecida\",\"url\":\"https:\/\/jardinescostaflorecida.com\/\",\"logo\":{\"@type\":\"ImageObject\",\"inLanguage\":\"de-DE\",\"@id\":\"https:\/\/jardinescostaflorecida.com\/#\/schema\/logo\/image\/\",\"url\":\"https:\/\/jardinescostaflorecida.com\/wp-content\/uploads\/2022\/03\/Costa-Florecida-Logo.jpg\",\"contentUrl\":\"https:\/\/jardinescostaflorecida.com\/wp-content\/uploads\/2022\/03\/Costa-Florecida-Logo.jpg\",\"width\":800,\"height\":600,\"caption\":\"Jardines Costa Florecida\"},\"image\":{\"@id\":\"https:\/\/jardinescostaflorecida.com\/#\/schema\/logo\/image\/\"}}]}<\/script>\n<!-- \/ Yoast SEO plugin. -->","yoast_head_json":{"title":"Palmenschnitt-Service auf Mallorca \u2013 Jardines Costa Florecida","description":"Palmenbeschneidungsservice auf Mallorca, Jardines Costa Florecida bietet Ihnen einen Palmenbeschneidungsservice mit mehr als 20 Jahren Erfahrung.","robots":{"index":"index","follow":"follow","max-snippet":"max-snippet:-1","max-image-preview":"max-image-preview:large","max-video-preview":"max-video-preview:-1"},"canonical":"https:\/\/jardinescostaflorecida.com\/de\/beschneiden-von-palmen-auf-mallorca\/","og_locale":"de_DE","og_type":"article","og_title":"Servicio de Poda de Palmeras en Mallorca - Jardines Costa Florecida","og_description":"Servicio de poda de palmeras en Mallorca, Jardines Costa Florecida te ofrece un servicio de poda de palmeras con m\u00e1s de 20 a\u00f1os de experiencia.","og_url":"https:\/\/jardinescostaflorecida.com\/de\/beschneiden-von-palmen-auf-mallorca\/","og_site_name":"Jardines Costa Florecida, empresa de jardiner\u00eda en Mallorca. Jardineros en Mallorca para el dise\u00f1o y mantenimiento de jardines, desbroces de fincas, podas y talas de palmeras, etc. en Mallorca.","og_image":[{"width":845,"height":684,"url":"https:\/\/jardinescostaflorecida.com\/wp-content\/uploads\/2022\/10\/poda-palmeras-mallorca.jpg","type":"image\/jpeg"}],"twitter_card":"summary_large_image","twitter_misc":{"Est. reading time":"4 minutes"},"schema":{"@context":"https:\/\/schema.org","@graph":[{"@type":"WebPage","@id":"https:\/\/jardinescostaflorecida.com\/poda-palmeras-mallorca\/","url":"https:\/\/jardinescostaflorecida.com\/poda-palmeras-mallorca\/","name":"Palmenschnitt-Service auf Mallorca \u2013 Jardines Costa Florecida","isPartOf":{"@id":"https:\/\/jardinescostaflorecida.com\/#website"},"primaryImageOfPage":{"@id":"https:\/\/jardinescostaflorecida.com\/poda-palmeras-mallorca\/#primaryimage"},"image":{"@id":"https:\/\/jardinescostaflorecida.com\/poda-palmeras-mallorca\/#primaryimage"},"thumbnailUrl":"https:\/\/jardinescostaflorecida.com\/wp-content\/uploads\/2022\/10\/poda-palmeras-mallorca.jpg","datePublished":"2022-10-04T08:47:56+00:00","description":"Palmenbeschneidungsservice auf Mallorca, Jardines Costa Florecida bietet Ihnen einen Palmenbeschneidungsservice mit mehr als 20 Jahren Erfahrung.","breadcrumb":{"@id":"https:\/\/jardinescostaflorecida.com\/poda-palmeras-mallorca\/#breadcrumb"},"inLanguage":"de-DE","potentialAction":[{"@type":"ReadAction","target":["https:\/\/jardinescostaflorecida.com\/poda-palmeras-mallorca\/"]}]},{"@type":"ImageObject","inLanguage":"de-DE","@id":"https:\/\/jardinescostaflorecida.com\/poda-palmeras-mallorca\/#primaryimage","url":"https:\/\/jardinescostaflorecida.com\/wp-content\/uploads\/2022\/10\/poda-palmeras-mallorca.jpg","contentUrl":"https:\/\/jardinescostaflorecida.com\/wp-content\/uploads\/2022\/10\/poda-palmeras-mallorca.jpg","width":845,"height":684,"caption":"poda palmeras mallorca"},{"@type":"BreadcrumbList","@id":"https:\/\/jardinescostaflorecida.com\/poda-palmeras-mallorca\/#breadcrumb","itemListElement":[{"@type":"ListItem","position":1,"name":"Portada","item":"https:\/\/jardinescostaflorecida.com\/inicio\/"},{"@type":"ListItem","position":2,"name":"Poda de Palmeras en Mallorca"}]},{"@type":"WebSite","@id":"https:\/\/jardinescostaflorecida.com\/#website","url":"https:\/\/jardinescostaflorecida.com\/","name":"Jardines Costa Florecida, Gartenbauunternehmen auf Mallorca. G\u00e4rtner auf Mallorca f\u00fcr die Gestaltung und Pflege von G\u00e4rten, die Rodung von Grundst\u00fccken, das Beschneiden und F\u00e4llen von Palmen usw. auf Mallorca.","description":"Costa Florecida Gardens \u2013 Gartenbauunternehmen auf Mallorca","publisher":{"@id":"https:\/\/jardinescostaflorecida.com\/#organization"},"potentialAction":[{"@type":"SearchAction","target":{"@type":"EntryPoint","urlTemplate":"https:\/\/jardinescostaflorecida.com\/?s={search_term_string}"},"query-input":{"@type":"PropertyValueSpecification","valueRequired":true,"valueName":"search_term_string"}}],"inLanguage":"de-DE"},{"@type":"Organization","@id":"https:\/\/jardinescostaflorecida.com\/#organization","name":"K\u00fcsteng\u00e4rten von Florecida","url":"https:\/\/jardinescostaflorecida.com\/","logo":{"@type":"ImageObject","inLanguage":"de-DE","@id":"https:\/\/jardinescostaflorecida.com\/#\/schema\/logo\/image\/","url":"https:\/\/jardinescostaflorecida.com\/wp-content\/uploads\/2022\/03\/Costa-Florecida-Logo.jpg","contentUrl":"https:\/\/jardinescostaflorecida.com\/wp-content\/uploads\/2022\/03\/Costa-Florecida-Logo.jpg","width":800,"height":600,"caption":"Jardines Costa Florecida"},"image":{"@id":"https:\/\/jardinescostaflorecida.com\/#\/schema\/logo\/image\/"}}]}},"_links":{"self":[{"href":"https:\/\/jardinescostaflorecida.com\/de\/wp-json\/wp\/v2\/pages\/1718"}],"collection":[{"href":"https:\/\/jardinescostaflorecida.com\/de\/wp-json\/wp\/v2\/pages"}],"about":[{"href":"https:\/\/jardinescostaflorecida.com\/de\/wp-json\/wp\/v2\/types\/page"}],"author":[{"embeddable":true,"href":"https:\/\/jardinescostaflorecida.com\/de\/wp-json\/wp\/v2\/users\/10"}],"replies":[{"embeddable":true,"href":"https:\/\/jardinescostaflorecida.com\/de\/wp-json\/wp\/v2\/comments?post=1718"}],"version-history":[{"count":3,"href":"https:\/\/jardinescostaflorecida.com\/de\/wp-json\/wp\/v2\/pages\/1718\/revisions"}],"predecessor-version":[{"id":1726,"href":"https:\/\/jardinescostaflorecida.com\/de\/wp-json\/wp\/v2\/pages\/1718\/revisions\/1726"}],"wp:featuredmedia":[{"embeddable":true,"href":"https:\/\/jardinescostaflorecida.com\/de\/wp-json\/wp\/v2\/media\/1720"}],"wp:attachment":[{"href":"https:\/\/jardinescostaflorecida.com\/de\/wp-json\/wp\/v2\/media?parent=1718"}],"curies":[{"name":"wp","href":"https:\/\/api.w.org\/{rel}","templated":true}]}}