{"id":1364,"date":"2022-08-01T13:51:18","date_gmt":"2022-08-01T11:51:18","guid":{"rendered":"https:\/\/jardinescostaflorecida.com\/?page_id=1364"},"modified":"2023-04-28T14:11:17","modified_gmt":"2023-04-28T12:11:17","slug":"mantenimiento-de-jardines","status":"publish","type":"page","link":"https:\/\/jardinescostaflorecida.com\/de\/gartenpflege\/","title":{"rendered":"Unternehmen f\u00fcr Gartengestaltung und -pflege auf Mallorca"},"content":{"rendered":"<h1 style=\"text-align: center;\"><span style=\"font-size: 18pt;\">Unternehmen f\u00fcr Gartengestaltung und -pflege auf Mallorca (Calvi\u00e0)<\/span><\/h1>\n<p>&nbsp;<\/p>\n<p>Haben Sie sich jemals gefragt, wie wichtig die Gartenpflege auf Mallorca f\u00fcr die Flora Ihres Gartens und die einladende Wirkung sein kann, die eine gute Gartengestaltung in Ihrem Zuhause oder Ihrer Gemeinde hervorrufen kann?<\/p>\n<p>Wenn Sie auf der Suche nach einem Unternehmen f\u00fcr Gartengestaltung und -pflege auf Mallorca sind, ist unser Unternehmen Jardines Costa Florecida mit Sitz in Calvi\u00e0, vor dem Western Park und dem alten Aqua Park, seit mehr als 20 Jahren in der Branche t\u00e4tig und hat mehr als 1.000 Projekte durchgef\u00fchrt durchgef\u00fchrt in Calvi\u00e0, Llucmajor, Palma und auf ganz Mallorca im Allgemeinen.<\/p>\n<p>Wir nehmen die Gartenpflege auf Mallorca genauso ernst wie die Gartengestaltung, denn Blumen und G\u00e4rten sind etwas ganz Besonderes und etwas, das wir alle, die G\u00e4rten lieben, ber\u00fccksichtigen, wenn wir G\u00e4ste zum Mittag- und Abendessen mit der Familie einladen Garten.<\/p>\n<h2 style=\"text-align: center;\"><span style=\"font-size: 15pt;\">Gartenpflege auf Mallorca<\/span><br \/>\n<span style=\"font-size: 15pt;\">Das weckt Vertrauen und verspricht Ergebnisse<\/span><\/h2>\n<p><img fetchpriority=\"high\" decoding=\"async\" class=\"size-medium wp-image-1368 aligncenter\" src=\"https:\/\/jardinescostaflorecida.com\/wp-content\/uploads\/2022\/08\/mantenimiento-de-jardines-en-mallorca-2-300x200.jpg\" alt=\"Gartenpflege auf Mallorca\" width=\"300\" height=\"200\" srcset=\"https:\/\/jardinescostaflorecida.com\/wp-content\/uploads\/2022\/08\/mantenimiento-de-jardines-en-mallorca-2-300x200.jpg 300w, https:\/\/jardinescostaflorecida.com\/wp-content\/uploads\/2022\/08\/mantenimiento-de-jardines-en-mallorca-2-1030x686.jpg 1030w, https:\/\/jardinescostaflorecida.com\/wp-content\/uploads\/2022\/08\/mantenimiento-de-jardines-en-mallorca-2-768x512.jpg 768w, https:\/\/jardinescostaflorecida.com\/wp-content\/uploads\/2022\/08\/mantenimiento-de-jardines-en-mallorca-2-705x470.jpg 705w, https:\/\/jardinescostaflorecida.com\/wp-content\/uploads\/2022\/08\/mantenimiento-de-jardines-en-mallorca-2.jpg 1280w\" sizes=\"(max-width: 300px) 100vw, 300px\" \/><\/p>\n<p>Gartenpflege auf Mallorca ist etwas, \u00fcber das jede Gemeinde oder Gemeinde verf\u00fcgen sollte, und wenn Sie auch auf eines der besten Gartendesignunternehmen auf Mallorca z\u00e4hlen k\u00f6nnen, umso besser, denn wir wissen, wie wichtig die richtige Pflege f\u00fcr Sie sein kann Deinen Garten.<\/p>\n<p>Jede Pflanzenart ben\u00f6tigt bei der Gartenpflege eine bestimmte Behandlung und Pflege, insbesondere weil das Klima auf Mallorca sehr feucht ist und Ihre Pflanzen je nach Jahreszeit zwischen Hitze und K\u00e4lte behandelt werden m\u00fcssen . auf die eine oder andere Weise.<\/p>\n<p>Die Schlussfolgerung ist, dass wir alle ein gutes Garten- und Poolpflegeunternehmen auf Mallorca haben m\u00f6chten, dem wir vertrauen k\u00f6nnen, nachdem wir uns der Gartengestaltung auf Mallorca und der Garten- und Poolpflege in Gegenden wie Calvi\u00e0, Palma und vielen anderen gewidmet haben Mallorca, wir k\u00f6nnen Ihnen versichern, dass Sie sich bei uns entspannt zur\u00fccklehnen k\u00f6nnen, denn bei uns legen Sie die Pflege Ihres Gartens oder Pools in die H\u00e4nde erfahrener G\u00e4rtner und Landschaftsbauer auf Mallorca.<\/p>\n<p>Kurz gesagt: Wenn Sie auf der Suche nach einem der besten Gartenpflegeunternehmen auf Mallorca sind oder Ihren Garten entwerfen oder neu gestalten m\u00f6chten, k\u00f6nnen Sie auf uns z\u00e4hlen, denn unser Unternehmen f\u00fchrt Gartenpflegearbeiten durch seit mehr als 20 Jahren auf Mallorca.<\/p>\n<h2 style=\"text-align: center;\"><span style=\"font-size: 15pt;\">Warum sind Gartenpflege und Gartengestaltung auf Mallorca unerl\u00e4sslich?<\/span><\/h2>\n<p style=\"text-align: center;\"><img decoding=\"async\" class=\"alignnone size-medium wp-image-1369\" src=\"https:\/\/jardinescostaflorecida.com\/wp-content\/uploads\/2022\/08\/mantenimiento-de-jardines-en-mallorca-y-diseno-de-jardines-300x200.jpg\" alt=\"Gartenpflege in Calvi\u00e0 und Mallorca\" width=\"300\" height=\"200\" srcset=\"https:\/\/jardinescostaflorecida.com\/wp-content\/uploads\/2022\/08\/mantenimiento-de-jardines-en-mallorca-y-diseno-de-jardines-300x200.jpg 300w, https:\/\/jardinescostaflorecida.com\/wp-content\/uploads\/2022\/08\/mantenimiento-de-jardines-en-mallorca-y-diseno-de-jardines-1030x686.jpg 1030w, https:\/\/jardinescostaflorecida.com\/wp-content\/uploads\/2022\/08\/mantenimiento-de-jardines-en-mallorca-y-diseno-de-jardines-768x512.jpg 768w, https:\/\/jardinescostaflorecida.com\/wp-content\/uploads\/2022\/08\/mantenimiento-de-jardines-en-mallorca-y-diseno-de-jardines-705x470.jpg 705w, https:\/\/jardinescostaflorecida.com\/wp-content\/uploads\/2022\/08\/mantenimiento-de-jardines-en-mallorca-y-diseno-de-jardines.jpg 1280w\" sizes=\"(max-width: 300px) 100vw, 300px\" \/><\/p>\n<p>Wissen Sie, warum wir darauf bestehen, dass Gartenpflege auf Mallorca und Gartengestaltung Hand in Hand gehen?\u2026<\/p>\n<p>Alle Gartenpflegefirmen auf Mallorca und professionelle Gartengestaltungsfirmen ber\u00fccksichtigen diese beiden Faktoren, denn sie wissen, dass ein Unternehmen, das keine Erfahrung in der Gartengestaltung hat, in der Regel nicht wei\u00df, wie man seinen Garten ordnungsgem\u00e4\u00df pflegt.<\/p>\n<p>Nun, die Menschen, die die G\u00e4rten gestalten, ber\u00fccksichtigen immer den Aufwand, den Respekt und die Bedeutung, die die G\u00e4rten f\u00fcr Sie haben k\u00f6nnen.<\/p>\n<p>Deshalb k\u00f6nnen Sie mit einem der besten Gartenpflegeunternehmen auf Mallorca mit mehr als 1.000 durchgef\u00fchrten Projekten in Calvi\u00e0 und auf ganz Mallorca die Ergebnisse erzielen, die Sie sich gerade vorgestellt haben.<\/p>\n<p>Wir pflegen oder gestalten Ihren Garten so, dass sich Ihre gesamte Nachbarschaft wundern wird, wie Sie zu einem so sch\u00f6nen und beneidenswerten Garten gekommen sind. Genau diese Worte stammen von einem unserer Kunden in Magaluf, der uns immer mit der Pflege des Gartens betraut und Schwimmb\u00e4der der Urbanisation in dem, der auf Mallorca lebt.<\/p>\n<h2 style=\"text-align: center;\"><span style=\"font-size: 15pt;\">Wie funktioniert die Gartenpflege?<\/span><\/h2>\n<p><img decoding=\"async\" class=\"size-medium wp-image-1371 aligncenter\" src=\"https:\/\/jardinescostaflorecida.com\/wp-content\/uploads\/2022\/08\/mantenimiento-de-jardines-en-Mallorca-3-300x200.jpg\" alt=\"Rasenm\u00e4her f\u00fcr die Gartenpflege in Calvi\u00e0 und Mallorca\" width=\"300\" height=\"200\" srcset=\"https:\/\/jardinescostaflorecida.com\/wp-content\/uploads\/2022\/08\/mantenimiento-de-jardines-en-Mallorca-3-300x200.jpg 300w, https:\/\/jardinescostaflorecida.com\/wp-content\/uploads\/2022\/08\/mantenimiento-de-jardines-en-Mallorca-3-1030x686.jpg 1030w, https:\/\/jardinescostaflorecida.com\/wp-content\/uploads\/2022\/08\/mantenimiento-de-jardines-en-Mallorca-3-768x512.jpg 768w, https:\/\/jardinescostaflorecida.com\/wp-content\/uploads\/2022\/08\/mantenimiento-de-jardines-en-Mallorca-3-705x470.jpg 705w, https:\/\/jardinescostaflorecida.com\/wp-content\/uploads\/2022\/08\/mantenimiento-de-jardines-en-Mallorca-3.jpg 1280w\" sizes=\"(max-width: 300px) 100vw, 300px\" \/><\/p>\n<p>&nbsp;<\/p>\n<p>Damit eine gute Gartenpflege auf Mallorca effektiv ist und Ergebnisse liefert, m\u00fcssen Sie auf Mallorca \u00fcber professionelle G\u00e4rtner und Landschaftsg\u00e4rtner verf\u00fcgen, die \u00fcber umfassende Erfahrung auf diesem Gebiet verf\u00fcgen.<\/p>\n<p>Die erste Frage, die Sie sich stellen sollten, ist: Wollen Sie das urspr\u00fcngliche Erscheinungsbild Ihres Gartens beibehalten und beauftragen uns einfach mit der Pflege? Oder umgekehrt...<\/p>\n<p>M\u00f6chten Sie lieber die Meinung haben, dass ein professionelles Unternehmen mit mehr als 20 Jahren Erfahrung in der Gartenpflege auf Mallorca und Gartengestaltung Sie unterst\u00fctzen kann?<\/p>\n<p>Die Gartenpflege und die endg\u00fcltige Gestaltung h\u00e4ngen letztendlich stark von Ihrer Reaktion, Ihren Vorlieben und Ihrer Pers\u00f6nlichkeit ab. Dies ist der erste und einzige Schritt, den Sie uns geben m\u00fcssen, damit wir wissen, was Sie wollen, und uns daran anpassen k\u00f6nnen Zeit, Ihren Garten auf Mallorca zu pflegen oder zu gestalten.<\/p>\n<ol>\n<li>\n<h3><span style=\"font-size: 13pt;\">\u00dcberlegen Sie, ob Sie auf der Suche nach einer Gartenpflege sind oder ob Sie Ihren Garten gestalten oder umgestalten m\u00f6chten.<\/span><\/h3>\n<\/li>\n<li>\n<h3><span style=\"font-size: 13pt;\">Kontaktieren Sie uns per Telefon oder Whats App und fragen Sie uns bei Bedarf nach unserer Meinung.<\/span><\/h3>\n<\/li>\n<li>\n<h3><span style=\"font-size: 13pt;\">Fragen Sie uns nach einem Angebot.<\/span><\/h3>\n<\/li>\n<li>\n<h3><span style=\"font-size: 13pt;\">Genie\u00dfen Sie vertrauensvolle Gartenpflege oder die Gestaltung Ihres neuen Gartens!<\/span><\/h3>\n<\/li>\n<\/ol>\n<h2 style=\"text-align: center;\"><span style=\"font-size: 15pt;\">Gartenpflegeunternehmen mit Sitz in Calvi\u00e0, Magaluf<br \/>\n(Mallorca)<\/span><\/h2>\n<div style=\"text-align: center;\"><iframe style=\"border: 0;\" src=\"https:\/\/www.google.com\/maps\/embed?pb=!1m18!1m12!1m3!1d3078.269329467516!2d2.5186307148647513!3d39.50841061830187!2m3!1f0!2f0!3f0!3m2!1i1024!2i768!4f13.1!3m3!1m2!1s0xab075118a7074791%3A0x68ef3131744e36f7!2sJardines%20Costa%20Florecida!5e0!3m2!1sen!2ses!4v1659353015849!5m2!1sen!2ses\" width=\"600\" height=\"450\" allowfullscreen=\"allowfullscreen\"><\/iframe><\/div>\n<div><\/div>","protected":false},"excerpt":{"rendered":"<p>Empresa de Dise\u00f1o y Mantenimiento de Jardines en Mallorca (Calvi\u00e0) &nbsp; Te has preguntado alguna vez lo importante que puede llegar a ser el mantenimiento de jardines en Mallorca para la flora de tu jard\u00edn y el efecto acogedor que puede crear un buen dise\u00f1o de jardines para en tu hogar o en tu comunidad? [&hellip;]<\/p>\n","protected":false},"author":10,"featured_media":1376,"parent":0,"menu_order":0,"comment_status":"closed","ping_status":"closed","template":"","meta":{"_joinchat":[],"footnotes":""},"class_list":["post-1364","page","type-page","status-publish","has-post-thumbnail","hentry"],"yoast_head":"<!-- This site is optimized with the Yoast SEO plugin v25.6 - https:\/\/yoast.com\/wordpress\/plugins\/seo\/ -->\n<title>Dise\u00f1o y Mantenimiento de Jardines en Mallorca | Jardines Costa Florecida<\/title>\n<meta name=\"description\" content=\"Estas buscando una empresa profesional en dise\u00f1o y mantenimiento de jardines en Mallorca? Llevamos mas de 20 a\u00f1os creando jardines envidiables en Mallorca!\" \/>\n<meta name=\"robots\" content=\"index, follow, max-snippet:-1, max-image-preview:large, max-video-preview:-1\" \/>\n<link rel=\"canonical\" href=\"https:\/\/jardinescostaflorecida.com\/de\/gartenpflege\/\" \/>\n<meta property=\"og:locale\" content=\"de_DE\" \/>\n<meta property=\"og:type\" content=\"article\" \/>\n<meta property=\"og:title\" content=\"Dise\u00f1o y Mantenimiento de Jardines en Mallorca | Jardines Costa Florecida\" \/>\n<meta property=\"og:description\" content=\"Estas buscando una empresa profesional en dise\u00f1o y mantenimiento de jardines en Mallorca? Llevamos mas de 20 a\u00f1os creando jardines envidiables en Mallorca!\" \/>\n<meta property=\"og:url\" content=\"https:\/\/jardinescostaflorecida.com\/de\/gartenpflege\/\" \/>\n<meta property=\"og:site_name\" content=\"Jardines Costa Florecida, empresa de jardiner\u00eda en Mallorca. Jardineros en Mallorca para el dise\u00f1o y mantenimiento de jardines, desbroces de fincas, podas y talas de palmeras, etc. en Mallorca.\" \/>\n<meta property=\"article:modified_time\" content=\"2023-04-28T12:11:17+00:00\" \/>\n<meta property=\"og:image\" content=\"https:\/\/jardinescostaflorecida.com\/wp-content\/uploads\/2022\/08\/mantenimiento-de-jardines-mallorca-y-diseno-de-jardines-mallorca.jpg\" \/>\n\t<meta property=\"og:image:width\" content=\"1280\" \/>\n\t<meta property=\"og:image:height\" content=\"437\" \/>\n\t<meta property=\"og:image:type\" content=\"image\/jpeg\" \/>\n<meta name=\"twitter:card\" content=\"summary_large_image\" \/>\n<meta name=\"twitter:label1\" content=\"Est. reading time\" \/>\n\t<meta name=\"twitter:data1\" content=\"5 minutes\" \/>\n<script type=\"application\/ld+json\" class=\"yoast-schema-graph\">{\"@context\":\"https:\/\/schema.org\",\"@graph\":[{\"@type\":\"WebPage\",\"@id\":\"https:\/\/jardinescostaflorecida.com\/mantenimiento-de-jardines\/\",\"url\":\"https:\/\/jardinescostaflorecida.com\/mantenimiento-de-jardines\/\",\"name\":\"Dise\u00f1o y Mantenimiento de Jardines en Mallorca | Jardines Costa Florecida\",\"isPartOf\":{\"@id\":\"https:\/\/jardinescostaflorecida.com\/#website\"},\"primaryImageOfPage\":{\"@id\":\"https:\/\/jardinescostaflorecida.com\/mantenimiento-de-jardines\/#primaryimage\"},\"image\":{\"@id\":\"https:\/\/jardinescostaflorecida.com\/mantenimiento-de-jardines\/#primaryimage\"},\"thumbnailUrl\":\"https:\/\/jardinescostaflorecida.com\/wp-content\/uploads\/2022\/08\/mantenimiento-de-jardines-mallorca-y-diseno-de-jardines-mallorca.jpg\",\"datePublished\":\"2022-08-01T11:51:18+00:00\",\"dateModified\":\"2023-04-28T12:11:17+00:00\",\"description\":\"Estas buscando una empresa profesional en dise\u00f1o y mantenimiento de jardines en Mallorca? Llevamos mas de 20 a\u00f1os creando jardines envidiables en Mallorca!\",\"breadcrumb\":{\"@id\":\"https:\/\/jardinescostaflorecida.com\/mantenimiento-de-jardines\/#breadcrumb\"},\"inLanguage\":\"de-DE\",\"potentialAction\":[{\"@type\":\"ReadAction\",\"target\":[\"https:\/\/jardinescostaflorecida.com\/mantenimiento-de-jardines\/\"]}]},{\"@type\":\"ImageObject\",\"inLanguage\":\"de-DE\",\"@id\":\"https:\/\/jardinescostaflorecida.com\/mantenimiento-de-jardines\/#primaryimage\",\"url\":\"https:\/\/jardinescostaflorecida.com\/wp-content\/uploads\/2022\/08\/mantenimiento-de-jardines-mallorca-y-diseno-de-jardines-mallorca.jpg\",\"contentUrl\":\"https:\/\/jardinescostaflorecida.com\/wp-content\/uploads\/2022\/08\/mantenimiento-de-jardines-mallorca-y-diseno-de-jardines-mallorca.jpg\",\"width\":1280,\"height\":437,\"caption\":\"mantenimiento de jardines y dise\u00f1o de jardines en Mallorca\"},{\"@type\":\"BreadcrumbList\",\"@id\":\"https:\/\/jardinescostaflorecida.com\/mantenimiento-de-jardines\/#breadcrumb\",\"itemListElement\":[{\"@type\":\"ListItem\",\"position\":1,\"name\":\"Portada\",\"item\":\"https:\/\/jardinescostaflorecida.com\/inicio\/\"},{\"@type\":\"ListItem\",\"position\":2,\"name\":\"Empresa de Dise\u00f1o y Mantenimiento de Jardines en Mallorca\"}]},{\"@type\":\"WebSite\",\"@id\":\"https:\/\/jardinescostaflorecida.com\/#website\",\"url\":\"https:\/\/jardinescostaflorecida.com\/\",\"name\":\"Jardines Costa Florecida, empresa de jardiner\u00eda en Mallorca. Jardineros en Mallorca para el dise\u00f1o y mantenimiento de jardines, desbroces de fincas, podas y talas de palmeras, etc. en Mallorca.\",\"description\":\"Jardines Costa Florecida - Empresa de jardiner\u00eda en Mallorca\",\"publisher\":{\"@id\":\"https:\/\/jardinescostaflorecida.com\/#organization\"},\"potentialAction\":[{\"@type\":\"SearchAction\",\"target\":{\"@type\":\"EntryPoint\",\"urlTemplate\":\"https:\/\/jardinescostaflorecida.com\/?s={search_term_string}\"},\"query-input\":{\"@type\":\"PropertyValueSpecification\",\"valueRequired\":true,\"valueName\":\"search_term_string\"}}],\"inLanguage\":\"de-DE\"},{\"@type\":\"Organization\",\"@id\":\"https:\/\/jardinescostaflorecida.com\/#organization\",\"name\":\"Jardines Costa Florecida\",\"url\":\"https:\/\/jardinescostaflorecida.com\/\",\"logo\":{\"@type\":\"ImageObject\",\"inLanguage\":\"de-DE\",\"@id\":\"https:\/\/jardinescostaflorecida.com\/#\/schema\/logo\/image\/\",\"url\":\"https:\/\/jardinescostaflorecida.com\/wp-content\/uploads\/2022\/03\/Costa-Florecida-Logo.jpg\",\"contentUrl\":\"https:\/\/jardinescostaflorecida.com\/wp-content\/uploads\/2022\/03\/Costa-Florecida-Logo.jpg\",\"width\":800,\"height\":600,\"caption\":\"Jardines Costa Florecida\"},\"image\":{\"@id\":\"https:\/\/jardinescostaflorecida.com\/#\/schema\/logo\/image\/\"}}]}<\/script>\n<!-- \/ Yoast SEO plugin. -->","yoast_head_json":{"title":"Gartengestaltung und -pflege auf Mallorca | K\u00fcsteng\u00e4rten von Florecida","description":"Suchen Sie ein professionelles Unternehmen f\u00fcr Gartengestaltung und -pflege auf Mallorca? Wir schaffen seit mehr als 20 Jahren beneidenswerte G\u00e4rten auf Mallorca!","robots":{"index":"index","follow":"follow","max-snippet":"max-snippet:-1","max-image-preview":"max-image-preview:large","max-video-preview":"max-video-preview:-1"},"canonical":"https:\/\/jardinescostaflorecida.com\/de\/gartenpflege\/","og_locale":"de_DE","og_type":"article","og_title":"Dise\u00f1o y Mantenimiento de Jardines en Mallorca | Jardines Costa Florecida","og_description":"Estas buscando una empresa profesional en dise\u00f1o y mantenimiento de jardines en Mallorca? Llevamos mas de 20 a\u00f1os creando jardines envidiables en Mallorca!","og_url":"https:\/\/jardinescostaflorecida.com\/de\/gartenpflege\/","og_site_name":"Jardines Costa Florecida, empresa de jardiner\u00eda en Mallorca. Jardineros en Mallorca para el dise\u00f1o y mantenimiento de jardines, desbroces de fincas, podas y talas de palmeras, etc. en Mallorca.","article_modified_time":"2023-04-28T12:11:17+00:00","og_image":[{"width":1280,"height":437,"url":"https:\/\/jardinescostaflorecida.com\/wp-content\/uploads\/2022\/08\/mantenimiento-de-jardines-mallorca-y-diseno-de-jardines-mallorca.jpg","type":"image\/jpeg"}],"twitter_card":"summary_large_image","twitter_misc":{"Est. reading time":"5 minutes"},"schema":{"@context":"https:\/\/schema.org","@graph":[{"@type":"WebPage","@id":"https:\/\/jardinescostaflorecida.com\/mantenimiento-de-jardines\/","url":"https:\/\/jardinescostaflorecida.com\/mantenimiento-de-jardines\/","name":"Gartengestaltung und -pflege auf Mallorca | K\u00fcsteng\u00e4rten von Florecida","isPartOf":{"@id":"https:\/\/jardinescostaflorecida.com\/#website"},"primaryImageOfPage":{"@id":"https:\/\/jardinescostaflorecida.com\/mantenimiento-de-jardines\/#primaryimage"},"image":{"@id":"https:\/\/jardinescostaflorecida.com\/mantenimiento-de-jardines\/#primaryimage"},"thumbnailUrl":"https:\/\/jardinescostaflorecida.com\/wp-content\/uploads\/2022\/08\/mantenimiento-de-jardines-mallorca-y-diseno-de-jardines-mallorca.jpg","datePublished":"2022-08-01T11:51:18+00:00","dateModified":"2023-04-28T12:11:17+00:00","description":"Suchen Sie ein professionelles Unternehmen f\u00fcr Gartengestaltung und -pflege auf Mallorca? Wir schaffen seit mehr als 20 Jahren beneidenswerte G\u00e4rten auf Mallorca!","breadcrumb":{"@id":"https:\/\/jardinescostaflorecida.com\/mantenimiento-de-jardines\/#breadcrumb"},"inLanguage":"de-DE","potentialAction":[{"@type":"ReadAction","target":["https:\/\/jardinescostaflorecida.com\/mantenimiento-de-jardines\/"]}]},{"@type":"ImageObject","inLanguage":"de-DE","@id":"https:\/\/jardinescostaflorecida.com\/mantenimiento-de-jardines\/#primaryimage","url":"https:\/\/jardinescostaflorecida.com\/wp-content\/uploads\/2022\/08\/mantenimiento-de-jardines-mallorca-y-diseno-de-jardines-mallorca.jpg","contentUrl":"https:\/\/jardinescostaflorecida.com\/wp-content\/uploads\/2022\/08\/mantenimiento-de-jardines-mallorca-y-diseno-de-jardines-mallorca.jpg","width":1280,"height":437,"caption":"mantenimiento de jardines y dise\u00f1o de jardines en Mallorca"},{"@type":"BreadcrumbList","@id":"https:\/\/jardinescostaflorecida.com\/mantenimiento-de-jardines\/#breadcrumb","itemListElement":[{"@type":"ListItem","position":1,"name":"Portada","item":"https:\/\/jardinescostaflorecida.com\/inicio\/"},{"@type":"ListItem","position":2,"name":"Empresa de Dise\u00f1o y Mantenimiento de Jardines en Mallorca"}]},{"@type":"WebSite","@id":"https:\/\/jardinescostaflorecida.com\/#website","url":"https:\/\/jardinescostaflorecida.com\/","name":"Jardines Costa Florecida, Gartenbauunternehmen auf Mallorca. G\u00e4rtner auf Mallorca f\u00fcr die Gestaltung und Pflege von G\u00e4rten, die Rodung von Grundst\u00fccken, das Beschneiden und F\u00e4llen von Palmen usw. auf Mallorca.","description":"Costa Florecida Gardens \u2013 Gartenbauunternehmen auf Mallorca","publisher":{"@id":"https:\/\/jardinescostaflorecida.com\/#organization"},"potentialAction":[{"@type":"SearchAction","target":{"@type":"EntryPoint","urlTemplate":"https:\/\/jardinescostaflorecida.com\/?s={search_term_string}"},"query-input":{"@type":"PropertyValueSpecification","valueRequired":true,"valueName":"search_term_string"}}],"inLanguage":"de-DE"},{"@type":"Organization","@id":"https:\/\/jardinescostaflorecida.com\/#organization","name":"K\u00fcsteng\u00e4rten von Florecida","url":"https:\/\/jardinescostaflorecida.com\/","logo":{"@type":"ImageObject","inLanguage":"de-DE","@id":"https:\/\/jardinescostaflorecida.com\/#\/schema\/logo\/image\/","url":"https:\/\/jardinescostaflorecida.com\/wp-content\/uploads\/2022\/03\/Costa-Florecida-Logo.jpg","contentUrl":"https:\/\/jardinescostaflorecida.com\/wp-content\/uploads\/2022\/03\/Costa-Florecida-Logo.jpg","width":800,"height":600,"caption":"Jardines Costa Florecida"},"image":{"@id":"https:\/\/jardinescostaflorecida.com\/#\/schema\/logo\/image\/"}}]}},"_links":{"self":[{"href":"https:\/\/jardinescostaflorecida.com\/de\/wp-json\/wp\/v2\/pages\/1364"}],"collection":[{"href":"https:\/\/jardinescostaflorecida.com\/de\/wp-json\/wp\/v2\/pages"}],"about":[{"href":"https:\/\/jardinescostaflorecida.com\/de\/wp-json\/wp\/v2\/types\/page"}],"author":[{"embeddable":true,"href":"https:\/\/jardinescostaflorecida.com\/de\/wp-json\/wp\/v2\/users\/10"}],"replies":[{"embeddable":true,"href":"https:\/\/jardinescostaflorecida.com\/de\/wp-json\/wp\/v2\/comments?post=1364"}],"version-history":[{"count":15,"href":"https:\/\/jardinescostaflorecida.com\/de\/wp-json\/wp\/v2\/pages\/1364\/revisions"}],"predecessor-version":[{"id":2107,"href":"https:\/\/jardinescostaflorecida.com\/de\/wp-json\/wp\/v2\/pages\/1364\/revisions\/2107"}],"wp:featuredmedia":[{"embeddable":true,"href":"https:\/\/jardinescostaflorecida.com\/de\/wp-json\/wp\/v2\/media\/1376"}],"wp:attachment":[{"href":"https:\/\/jardinescostaflorecida.com\/de\/wp-json\/wp\/v2\/media?parent=1364"}],"curies":[{"name":"wp","href":"https:\/\/api.w.org\/{rel}","templated":true}]}}